{"id":1740,"date":"2021-02-03T22:35:39","date_gmt":"2021-02-03T22:35:39","guid":{"rendered":"http:\/\/localhost:8888\/rexistir_2\/?page_id=1740"},"modified":"2021-02-03T22:35:47","modified_gmt":"2021-02-03T22:35:47","slug":"campaign","status":"publish","type":"page","link":"https:\/\/rexistir.com\/?page_id=1740&lang=en","title":{"rendered":"Campaign"},"content":{"rendered":"<h1>Campa\u00f1a<\/h1>\n<p><img decoding=\"async\" src=\"\/rexistir_2\/wp-content\/uploads\/2021\/02\/campana.jpg\" alt=\"\"><\/p>\n<div>\n<p>La campa\u00f1a de sensibilizaci\u00f3n e incidencia Rexistir \u201cTejiendo Cuerpos Territorios\u201d, promovida por la Red Latinoamericana de Mujeres Defensoras de Derechos Sociales y Ambientales, busca visibilizar y denunciar ante la opini\u00f3n p\u00fablica y tomadores de decisiones a nivel regional y global, las m\u00faltiples y sistem\u00e1ticas violencias cometidas, con total impunidad, por el sistema capitalista extractivista, patriarcal y colonial, a trav\u00e9s de sus proyectos mineros, contra las defensoras de Am\u00e9rica Latina, sus comunidades y territorios.<\/p>\n<p>Estas violencias corresponden a estrategias empresariales y estatales que vulneran derechos humanos universales y derechos de la naturaleza, como fue recientemente expuesto en el Tribunal de Justicia y Defensa de los Derechos de las Mujeres Panamaz\u00f3nicas-Andinas (30 de mayo, Tarapoto, Per\u00fa ):<\/p>\n<p><em>\u201cen todos los casos las mujeres son, v\u00edctimas directas de la agresi\u00f3n por defender e interponerse ante la apropiaci\u00f3n del territorio que constituye el espacio vital y referencia para la continuidad de la existencia de sus respectivas comunidades, o el ambiente y los bienes indispensables para la sobrevivencia de la especie (\u2026) La centralidad de las mujeres como foco de las estrategias expansivas del frente estatal-empresarial-medi\u00e1tico, y su transformaci\u00f3n en el objetivo de las guerras informales represivas y mafiosas que asolan el continente latinoamericano indican que ellas representan el centro de gravedad del edificio comunitario\u201d.<\/em><\/p>\n<\/div>\n<div>Es en este contexto en el que la campa\u00f1a Rexistir se propone los siguientes objetivos espec\u00edficos:<\/div>\n<ul>\n<li>\n<div>Informar para promover un papel m\u00e1s activo de denuncia y defensa, por parte de la sociedad civil, frente a la problem\u00e1tica de violaciones de los derechos humanos de las mujeres y de la naturaleza, as\u00ed como en la construcci\u00f3n de alternativas de vida con justicia de g\u00e9nero y ecol\u00f3gica en los territorios.<\/p>\n<\/div>\n<\/li>\n<li>\n<div>Incidir, a trav\u00e9s de la agencia de abogac\u00eda de las organizaciones promotoras y socias de la campa\u00f1a, en el seguimiento y cumplimiento de pol\u00edticas p\u00fablicas e instrumentos internacionales que garanticen los derechos humanos y la protecci\u00f3n y seguridad de las defensoras con enfoque de g\u00e9nero.<\/p>\n<\/div>\n<\/li>\n<\/ul>\n<div>Desde la campa\u00f1a demandamos que las pol\u00edticas p\u00fablicas y toda acci\u00f3n emprendida desde la sociedad civil para garantizar los derechos de las defensoras se debe adecuar a los contextos socio-culturales, con perspectiva ecofeminista, bajo los siguientes criterios:<\/p>\n<\/div>\n<ul>\n<li>\n<div>la mirada al poder de g\u00e9nero debe considerar las diferentes formas de opresi\u00f3n interconectadas que enfrentan las diversidad de mujeres en los territorios;<\/p>\n<\/div>\n<\/li>\n<li>\n<div>entender y desafiar las din\u00e1micas estructurales de la violencia y de sus impactos en la vida de las mujeres, partiendo del reconocimiento que la causa es sist\u00e9mica: el capitalismo en su fase neoliberal de mayor extractivismo y su articulaci\u00f3n con el patriarcado, el racismo y el colonialismo asentado en nuestros territorios desde hace siglos;\n<\/div>\n<\/li>\n<li>\n<div>y por \u00faltimo, valorar y reconocer el rol importante de la organizaci\u00f3n social o comunal en la defensa de los derechos humanos, de la naturaleza y de las mujeres defensoras,, buscando fortalecer la acci\u00f3n colectiva, organizada, como pueblos, mujeres y movimientos.<\/div>\n<\/li>\n<\/ul>\n<div>La campa\u00f1a cuenta con socios como son: Enginyeria Sense Fronteres (ESF), CATAPA, Fedepaz y con el financiamiento de la Diputaci\u00f3n de Barcelona, el Instituto Catal\u00e1n Internacional para la Paz (ICIP), Broederlijk Delen, el Fondo Centroamericano de Mujeres (FCAM) y 11.11.11.<\/div>\n<ul>\n<li>\n<p><a href=\"\/rexistir_2\/wp-content\/uploads\/2021\/02\/Informe-campan%CC%83a-castellano.pdf\">Descargar de aqu\u00ed el documento t\u00e9cnico del proyecto<\/a><\/p>\n<\/li>\n<li>\n<p><a href=\"\/rexistir_2\/wp-content\/uploads\/2021\/02\/Dossier-de-prensa-Rexistir-Campan%CC%83a-Ame%CC%81rica-Latina_compressed.pdf\">Descargar de aqu\u00ed el dossier de prensa<\/a><\/p>\n<\/li>\n<\/ul>\n<div>\n<p>    <a href=\"https:\/\/www.youtube.com\/watch?v=DBdnMTtAhPk&#038;feature=youtu.be\"><img decoding=\"async\" src=\"\/rexistir_2\/wp-content\/uploads\/2021\/02\/campania_video.png\" alt=\"\"><\/a><\/p>\n<h3><span uk-icon=\"icon:  play-circle; ratio: 4\"><\/span><\/h3>\n<\/div>\n<div>Campa\u00f1a promovida por:<\/div>\n<p><img decoding=\"async\" src=\"\/rexistir_2\/wp-content\/uploads\/2021\/02\/logo_red.png\" alt=\"\"><\/p>\n<div>Integrantes de la Red:<\/div>\n<p><img decoding=\"async\" src=\"\/rexistir_2\/wp-content\/uploads\/2021\/02\/logos_1.jpg\" alt=\"\"><\/p>\n<div>Socios de la campa\u00f1a:<\/div>\n<p><img decoding=\"async\" src=\"\/rexistir_2\/wp-content\/uploads\/2021\/02\/logos_2.jpg\" alt=\"\"><\/p>\n<div>Financia:<\/div>\n<p><img decoding=\"async\" src=\"\/rexistir_2\/wp-content\/uploads\/2021\/02\/logos_3.jpg\" alt=\"\"><\/p>\n<p><!-- {\"name\":\"Campa\\u00f1a\",\"type\":\"layout\",\"children\":[{\"type\":\"section\",\"props\":{\"style\":\"primary\",\"width\":\"\",\"vertical_align\":\"middle\",\"title_position\":\"top-left\",\"title_rotation\":\"left\",\"title_breakpoint\":\"xl\",\"image_position\":\"center-center\",\"image\":\"wp-content\\\/uploads\\\/2021\\\/01\\\/cuerpos_left.jpg\",\"id\":\"Estigmatizaci\\u00f3n\",\"padding\":\"none\",\"image_size\":\"cover\",\"image_effect\":\"fixed\"},\"children\":[{\"type\":\"row\",\"children\":[{\"type\":\"column\",\"props\":{\"image_position\":\"center-center\",\"media_overlay_gradient\":\"\",\"style\":\"primary\",\"padding\":\"small\",\"css\":\".uk-tile-primary {\\n    background: #d0722a;\\n} \"},\"children\":[{\"type\":\"headline\",\"props\":{\"title_element\":\"h1\",\"content\":\"Campa\\u00f1a\",\"title_style\":\"heading-medium\"}}]}]}],\"name\":\"Estigmatizaci\\u00f3n\"},{\"type\":\"section\",\"props\":{\"style\":\"default\",\"width\":\"default\",\"vertical_align\":\"middle\",\"title_position\":\"top-left\",\"title_rotation\":\"left\",\"title_breakpoint\":\"xl\",\"image_position\":\"center-center\",\"image\":\"\",\"image_size\":\"cover\",\"media_overlay\":\"rgba(255, 255, 255, 0.28)\"},\"children\":[{\"type\":\"row\",\"children\":[{\"type\":\"column\",\"props\":{\"image_position\":\"center-center\",\"media_overlay_gradient\":\"\"},\"children\":[{\"type\":\"image\",\"props\":{\"margin\":\"default\",\"image_svg_color\":\"emphasis\",\"image\":\"wp-content\\\/uploads\\\/2021\\\/02\\\/campana.jpg\",\"maxwidth\":\"medium\",\"block_align\":\"center\"}}]}]},{\"type\":\"row\",\"props\":{\"layout\":\"1-2,1-2\",\"column_gap\":\"large\"},\"children\":[{\"type\":\"column\",\"props\":{\"image_position\":\"center-center\",\"media_overlay_gradient\":\"\",\"width_medium\":\"1-2\"},\"children\":[{\"type\":\"text\",\"props\":{\"margin\":\"default\",\"column_breakpoint\":\"m\",\"content\":\"\n\n<p>La campa\\u00f1a de sensibilizaci\\u00f3n e incidencia Rexistir \\u201cTejiendo Cuerpos Territorios\\u201d, promovida por la Red Latinoamericana de Mujeres Defensoras de Derechos Sociales y Ambientales, busca visibilizar y denunciar ante la opini\\u00f3n p\\u00fablica y tomadores de decisiones a nivel regional y global, las m\\u00faltiples y sistem\\u00e1ticas violencias cometidas, con total impunidad, por el sistema capitalista extractivista, patriarcal y colonial, a trav\\u00e9s de sus proyectos mineros, contra las defensoras de Am\\u00e9rica Latina, sus comunidades y territorios.<\\\/p>\\n\n\n<p>Estas violencias corresponden a estrategias empresariales y estatales que vulneran derechos humanos universales y derechos de la naturaleza, como fue recientemente expuesto en el Tribunal de Justicia y Defensa de los Derechos de las Mujeres Panamaz\\u00f3nicas-Andinas (30 de mayo, Tarapoto, Per\\u00fa ):<\\\/p>\\n\n\n<p><em>\\u201cen todos los casos las mujeres son, v\\u00edctimas directas de la agresi\\u00f3n por defender e interponerse ante la apropiaci\\u00f3n del territorio que constituye el espacio vital y referencia para la continuidad de la existencia de sus respectivas comunidades, o el ambiente y los bienes indispensables para la sobrevivencia de la especie (\\u2026) La centralidad de las mujeres como foco de las estrategias expansivas del frente estatal-empresarial-medi\\u00e1tico, y su transformaci\\u00f3n en el objetivo de las guerras informales represivas y mafiosas que asolan el continente latinoamericano indican que ellas representan el centro de gravedad del edificio comunitario\\u201d.<\\\/em><\\\/p>\",\"text_align\":\"justify\"}},{\"type\":\"text\",\"props\":{\"margin\":\"default\",\"column_breakpoint\":\"m\",\"content\":\"Es en este contexto en el que la campa\\u00f1a Rexistir se propone los siguientes objetivos espec\\u00edficos:\",\"text_align\":\"justify\"}},{\"type\":\"list\",\"props\":{\"show_image\":true,\"show_link\":true,\"list_element\":\"ul\",\"column_breakpoint\":\"m\",\"image_svg_color\":\"emphasis\",\"image_align\":\"left\",\"image_vertical_align\":true,\"list_marker\":\"decimal\",\"text_align\":\"justify\"},\"children\":[{\"type\":\"list_item\",\"props\":{\"content\":\"Informar para promover un papel m\\u00e1s activo de denuncia y defensa, por parte de la sociedad civil, frente a la problem\\u00e1tica de violaciones de los derechos humanos de las mujeres y de la naturaleza, as\\u00ed como en la construcci\\u00f3n de alternativas de vida con justicia de g\\u00e9nero y ecol\\u00f3gica en los territorios.\\n\\n\"}},{\"type\":\"list_item\",\"props\":{\"content\":\"Incidir, a trav\\u00e9s de la agencia de abogac\\u00eda de las organizaciones promotoras y socias de la campa\\u00f1a, en el seguimiento y cumplimiento de pol\\u00edticas p\\u00fablicas e instrumentos internacionales que garanticen los derechos humanos y la protecci\\u00f3n y seguridad de las defensoras con enfoque de g\\u00e9nero.\\n\\n\\n\"}}]}]},{\"type\":\"column\",\"props\":{\"image_position\":\"center-center\",\"media_overlay_gradient\":\"\",\"width_medium\":\"1-2\"},\"children\":[{\"type\":\"text\",\"props\":{\"margin\":\"default\",\"column_breakpoint\":\"m\",\"content\":\"Desde la campa\\u00f1a demandamos que las pol\\u00edticas p\\u00fablicas y toda acci\\u00f3n emprendida desde la sociedad civil para garantizar los derechos de las defensoras se debe adecuar a los contextos socio-culturales, con perspectiva ecofeminista, bajo los siguientes criterios:\\n\\n\",\"text_align\":\"justify\"}},{\"type\":\"list\",\"props\":{\"show_image\":true,\"show_link\":true,\"list_element\":\"ul\",\"column_breakpoint\":\"m\",\"image_svg_color\":\"emphasis\",\"image_align\":\"left\",\"image_vertical_align\":true,\"list_marker\":\"decimal\",\"text_align\":\"justify\"},\"children\":[{\"type\":\"list_item\",\"props\":{\"content\":\"la mirada al poder de g\\u00e9nero debe considerar las diferentes formas de opresi\\u00f3n interconectadas que enfrentan las diversidad de mujeres en los territorios;\\n\\n\"}},{\"type\":\"list_item\",\"props\":{\"content\":\"entender y desafiar las din\\u00e1micas estructurales de la violencia y de sus impactos en la vida de las mujeres, partiendo del reconocimiento que la causa es sist\\u00e9mica: el capitalismo en su fase neoliberal de mayor extractivismo y su articulaci\\u00f3n con el patriarcado, el racismo y el colonialismo asentado en nuestros territorios desde hace siglos;\\n\"}},{\"type\":\"list_item\",\"props\":{\"content\":\"y por \\u00faltimo, valorar y reconocer el rol importante de la organizaci\\u00f3n social o comunal en la defensa de los derechos humanos, de la naturaleza y de las mujeres defensoras,, buscando fortalecer la acci\\u00f3n colectiva, organizada, como pueblos, mujeres y movimientos.\"}}]},{\"type\":\"text\",\"props\":{\"margin\":\"default\",\"column_breakpoint\":\"m\",\"content\":\"La campa\\u00f1a cuenta con socios como son: Enginyeria Sense Fronteres (ESF), CATAPA, Fedepaz y con el financiamiento de la Diputaci\\u00f3n de Barcelona, el Instituto Catal\\u00e1n Internacional para la Paz (ICIP), Broederlijk Delen, el Fondo Centroamericano de Mujeres (FCAM) y 11.11.11.\",\"text_align\":\"justify\"}},{\"type\":\"list\",\"props\":{\"show_image\":true,\"show_link\":true,\"list_element\":\"ul\",\"column_breakpoint\":\"m\",\"image_svg_color\":\"emphasis\",\"image_align\":\"left\",\"image_vertical_align\":true,\"margin\":\"large\",\"maxwidth\":\"large\",\"block_align\":\"center\"},\"children\":[{\"type\":\"list_item\",\"props\":{\"content\":\"Descargar de aqu\\u00ed el documento t\\u00e9cnico del proyecto\",\"icon\":\"teenyicons-outline--pdf\",\"link\":\"wp-content\\\/uploads\\\/2021\\\/02\\\/Informe-campan\\u0303a-castellano.pdf\",\"link_target\":true},\"yooessentialsIcons\":[\"teenyicons-outline--pdf\"]},{\"type\":\"list_item\",\"props\":{\"content\":\"Descargar de aqu\\u00ed el dossier de prensa\",\"icon\":\"teenyicons-outline--pdf\",\"link\":\"wp-content\\\/uploads\\\/2021\\\/02\\\/Dossier-de-prensa-Rexistir-Campan\\u0303a-Ame\\u0301rica-Latina_compressed.pdf\",\"link_target\":true},\"yooessentialsIcons\":[\"teenyicons-outline--pdf\"]}]}]}]}]},{\"type\":\"section\",\"props\":{\"style\":\"default\",\"width\":\"\",\"vertical_align\":\"middle\",\"title_position\":\"top-left\",\"title_rotation\":\"left\",\"title_breakpoint\":\"xl\",\"image_position\":\"center-center\",\"padding\":\"none\"},\"children\":[{\"type\":\"row\",\"children\":[{\"type\":\"column\",\"props\":{\"image_position\":\"center-center\",\"media_overlay_gradient\":\"\",\"style\":\"primary\",\"padding\":\"small\",\"css\":\".uk-tile-primary {\\n    background: #850b16;\\n}\\n\"},\"children\":[{\"type\":\"gallery\",\"props\":{\"show_title\":true,\"show_meta\":true,\"show_content\":true,\"show_link\":true,\"show_hover_image\":true,\"grid_default\":\"1\",\"grid_medium\":\"1\",\"filter_style\":\"tab\",\"filter_all\":true,\"filter_position\":\"top\",\"filter_align\":\"left\",\"filter_grid_width\":\"auto\",\"filter_grid_breakpoint\":\"m\",\"overlay_mode\":\"cover\",\"overlay_hover\":false,\"overlay_style\":\"\",\"text_color\":\"light\",\"overlay_position\":\"center\",\"overlay_transition\":\"fade\",\"title_hover_style\":\"reset\",\"title_element\":\"h3\",\"meta_style\":\"meta\",\"meta_align\":\"below-title\",\"meta_element\":\"div\",\"link_text\":\"\",\"link_style\":\"default\",\"text_align\":\"center\",\"margin\":\"default\",\"item_animation\":\"\",\"grid_xlarge\":\"1\",\"grid_large\":\"1\",\"grid_small\":\"1\",\"lightbox\":true,\"title_display\":\"item\",\"content_display\":\"item\",\"image_transition\":\"scale-up\",\"title_style\":\"heading-small\",\"title_color\":\"warning\",\"title_link\":true,\"overlay_link\":true},\"children\":[{\"type\":\"gallery_item\",\"props\":{\"image\":\"wp-content\\\/uploads\\\/2021\\\/02\\\/campania_video.png\",\"title\":\"<span uk-icon=\\\"icon:  play-circle; ratio: 4\\\"><\\\/span>\",\"hover_image\":\"\",\"link\":\"https:\\\/\\\/www.youtube.com\\\/watch?v=DBdnMTtAhPk&feature=youtu.be\"}}],\"modified\":\"2021-02-02T18:46:28.576Z\",\"name\":\"Videos\"}]}]}]},{\"type\":\"section\",\"props\":{\"style\":\"default\",\"width\":\"default\",\"vertical_align\":\"middle\",\"title_position\":\"top-left\",\"title_rotation\":\"left\",\"title_breakpoint\":\"xl\",\"image_position\":\"center-center\"},\"children\":[{\"type\":\"row\",\"children\":[{\"type\":\"column\",\"props\":{\"image_position\":\"center-center\",\"media_overlay_gradient\":\"\"},\"children\":[{\"type\":\"text\",\"props\":{\"margin\":\"default\",\"column_breakpoint\":\"m\",\"text_style\":\"lead\",\"content\":\"Campa\\u00f1a promovida por:\",\"text_align\":\"center\"}},{\"type\":\"image\",\"props\":{\"margin\":\"default\",\"image_svg_color\":\"emphasis\",\"text_align\":\"center\",\"image\":\"wp-content\\\/uploads\\\/2021\\\/02\\\/logo_red.png\",\"maxwidth\":\"medium\",\"block_align\":\"center\"}}]}]},{\"type\":\"row\",\"props\":{\"margin\":\"medium\"},\"children\":[{\"type\":\"column\",\"props\":{\"image_position\":\"center-center\",\"media_overlay_gradient\":\"\"},\"children\":[{\"type\":\"text\",\"props\":{\"margin\":\"default\",\"column_breakpoint\":\"m\",\"text_style\":\"lead\",\"content\":\"Integrantes de la Red:\",\"text_align\":\"center\"}},{\"type\":\"image\",\"props\":{\"margin\":\"default\",\"image_svg_color\":\"emphasis\",\"text_align\":\"center\",\"image\":\"wp-content\\\/uploads\\\/2021\\\/02\\\/logos_1.jpg\"}}]}]},{\"type\":\"row\",\"props\":{\"margin\":\"medium\"},\"children\":[{\"type\":\"column\",\"props\":{\"image_position\":\"center-center\",\"media_overlay_gradient\":\"\"},\"children\":[{\"type\":\"text\",\"props\":{\"margin\":\"default\",\"column_breakpoint\":\"m\",\"text_style\":\"lead\",\"content\":\"Socios de la campa\\u00f1a:\",\"text_align\":\"center\"}},{\"type\":\"image\",\"props\":{\"margin\":\"default\",\"image_svg_color\":\"emphasis\",\"text_align\":\"center\",\"image\":\"wp-content\\\/uploads\\\/2021\\\/02\\\/logos_2.jpg\",\"maxwidth\":\"xlarge\",\"block_align\":\"center\"}}]}]},{\"type\":\"row\",\"props\":{\"margin\":\"medium\"},\"children\":[{\"type\":\"column\",\"props\":{\"image_position\":\"center-center\",\"media_overlay_gradient\":\"\"},\"children\":[{\"type\":\"text\",\"props\":{\"margin\":\"default\",\"column_breakpoint\":\"m\",\"text_style\":\"lead\",\"content\":\"Financia:\",\"text_align\":\"center\"}},{\"type\":\"image\",\"props\":{\"margin\":\"default\",\"image_svg_color\":\"emphasis\",\"text_align\":\"center\",\"image\":\"wp-content\\\/uploads\\\/2021\\\/02\\\/logos_3.jpg\",\"maxwidth\":\"xlarge\",\"block_align\":\"center\"}}]}]}]}],\"version\":\"2.3.25\"} --><\/p>\n","protected":false},"excerpt":{"rendered":"<p>Campa\u00f1a La campa\u00f1a de sensibilizaci\u00f3n e incidencia Rexistir \u201cTejiendo Cuerpos Territorios\u201d, promovida por la Red Latinoamericana de Mujeres Defensoras de Derechos Sociales y Ambientales, busca visibilizar y denunciar ante la opini\u00f3n p\u00fablica y tomadores de decisiones a nivel regional y global, las m\u00faltiples y sistem\u00e1ticas violencias cometidas, con total impunidad, por el sistema capitalista extractivista, [&hellip;]<\/p>\n","protected":false},"author":1,"featured_media":0,"parent":0,"menu_order":0,"comment_status":"closed","ping_status":"closed","template":"","meta":{"_acf_changed":false,"footnotes":""},"class_list":["post-1740","page","type-page","status-publish","hentry"],"acf":[],"_links":{"self":[{"href":"https:\/\/rexistir.com\/index.php?rest_route=\/wp\/v2\/pages\/1740","targetHints":{"allow":["GET"]}}],"collection":[{"href":"https:\/\/rexistir.com\/index.php?rest_route=\/wp\/v2\/pages"}],"about":[{"href":"https:\/\/rexistir.com\/index.php?rest_route=\/wp\/v2\/types\/page"}],"author":[{"embeddable":true,"href":"https:\/\/rexistir.com\/index.php?rest_route=\/wp\/v2\/users\/1"}],"replies":[{"embeddable":true,"href":"https:\/\/rexistir.com\/index.php?rest_route=%2Fwp%2Fv2%2Fcomments&post=1740"}],"version-history":[{"count":2,"href":"https:\/\/rexistir.com\/index.php?rest_route=\/wp\/v2\/pages\/1740\/revisions"}],"predecessor-version":[{"id":1742,"href":"https:\/\/rexistir.com\/index.php?rest_route=\/wp\/v2\/pages\/1740\/revisions\/1742"}],"wp:attachment":[{"href":"https:\/\/rexistir.com\/index.php?rest_route=%2Fwp%2Fv2%2Fmedia&parent=1740"}],"curies":[{"name":"wp","href":"https:\/\/api.w.org\/{rel}","templated":true}]}}