{"id":1737,"date":"2021-02-03T22:34:54","date_gmt":"2021-02-03T22:34:54","guid":{"rendered":"http:\/\/localhost:8888\/rexistir_2\/?page_id=1737"},"modified":"2021-02-03T22:35:02","modified_gmt":"2021-02-03T22:35:02","slug":"about-us","status":"publish","type":"page","link":"https:\/\/rexistir.com\/?page_id=1737&lang=en","title":{"rendered":"About Us"},"content":{"rendered":"<h1>Nosotras<\/h1>\n<p><img decoding=\"async\" src=\"\/rexistir_2\/wp-content\/uploads\/2021\/02\/logo_red.png\" alt=\"\"><\/p>\n<div>\n<p>La Red Latinoamericana de Mujeres Defensoras de Derechos Sociales y Ambientales es una organizaci\u00f3n de mujeres a nivel latinoamericano que busca incidir en pol\u00edticas, proyectos y pr\u00e1cticas que contribuyen a la defensa de los derechos de las mujeres defensoras, los derechos socioambientales y los derechos de la naturaleza, mediante acciones de incidencia y solidaridad a nivel regional y global, a trav\u00e9s de espacios de encuentros, intercambios y formaci\u00f3n, de herramientas y campa\u00f1as de comunicaci\u00f3n, de investigaci\u00f3n, de acompa\u00f1amiento a casos y a procesos de organizaci\u00f3n social.<\/p>\n<p>Como respuesta a la arremetida extractivista en Am\u00e9rica Latina, la Red organiza acciones de denuncia frente a las violencias socioambientales contra las mujeres y acciones que salvaguarden la integridad f\u00edsica, emocional y comunitaria de mujeres en estado de alto riesgo, tanto por el grado de vulnerabilidad derivado de su rol de defensoras de derechos humanos como por su participaci\u00f3n en procesos de resistencia ante proyectos extractivos que afectan sus territorios. Por ello busca dar a conocer los impactos que los proyectos extractivos generan en pa\u00edses latinoamericanos y los que espec\u00edficamente afectan en las mujeres, con el fin de incidir en los contextos donde se desarrolla el extractivismo minero, las pol\u00edticas que lo norman y en los procesos de cambio que lideran las mujeres.<\/p>\n<\/div>\n<div>\n<p>Las acciones de la Red se orientan a fortalecer y tejer nuevos puentes entre los feminismos y los ecologismos, entre la defensa de los derechos de los pueblos, las mujeres y los de la naturaleza. Es as\u00ed que la Red articula su accionar desde el marco te\u00f3rico ecofeminista.<\/p>\n<p>La Red Latinoamericana est\u00e1 presente en ocho pa\u00edses:<\/p><\/div>\n<ul>\n<li>\n<div>M\u00e9xico: Red Mexicana de Afectados por la Miner\u00eda &#8211; REMA<\/p>\n<\/div>\n<\/li>\n<li>\n<div>Salvador: Asociaci\u00f3n de Desarrollo Econ\u00f3mico y Social -ADES\n<\/div>\n<\/li>\n<li>\n<div>Colombia: CENSAT Agua Viva\n<\/div>\n<\/li>\n<li>\n<div>Ecuador: Acci\u00f3n Ecol\u00f3gica\n<\/div>\n<\/li>\n<li>\n<div>Per\u00fa: GRUFIDES, Tejiendo Saberes-PDTG\n<\/div>\n<\/li>\n<li>\n<div>Bolivia: Colectivo de Coordinaci\u00f3n de Acciones Socio Ambientales (Colectivo CASA)\n<\/div>\n<\/li>\n<li>\n<div>Chile: Observatorio Latinoamericano de Conflictos Ambientales \u2013 OLCA<\/p>\n<\/div>\n<\/li>\n<li>\n<div>Uruguay: Otras voces por la Tierra Cerro Chato \u2013 Valentines, Colectivo Dafnias<\/div>\n<\/li>\n<\/ul>\n<p><!-- {\"name\":\"Nosotras\",\"type\":\"layout\",\"children\":[{\"type\":\"section\",\"props\":{\"style\":\"primary\",\"width\":\"\",\"vertical_align\":\"middle\",\"title_position\":\"top-left\",\"title_rotation\":\"left\",\"title_breakpoint\":\"xl\",\"image_position\":\"center-center\",\"image\":\"wp-content\\\/uploads\\\/2021\\\/01\\\/cuerpos_left.jpg\",\"id\":\"Estigmatizaci\\u00f3n\",\"padding\":\"none\",\"image_size\":\"cover\",\"image_effect\":\"fixed\"},\"children\":[{\"type\":\"row\",\"children\":[{\"type\":\"column\",\"props\":{\"image_position\":\"center-center\",\"media_overlay_gradient\":\"\",\"style\":\"primary\",\"padding\":\"small\",\"css\":\".uk-tile-primary {\\n    background: #d0722a;\\n} \"},\"children\":[{\"type\":\"headline\",\"props\":{\"title_element\":\"h1\",\"content\":\"Nosotras\",\"title_style\":\"heading-medium\"}}]}]}],\"name\":\"Estigmatizaci\\u00f3n\"},{\"type\":\"section\",\"props\":{\"style\":\"default\",\"width\":\"default\",\"vertical_align\":\"middle\",\"title_position\":\"top-left\",\"title_rotation\":\"left\",\"title_breakpoint\":\"xl\",\"image_position\":\"center-center\",\"image\":\"wp-content\\\/uploads\\\/2021\\\/02\\\/nosotras_fondo.jpg\",\"image_size\":\"cover\",\"media_overlay\":\"rgba(255, 255, 255, 0.28)\"},\"children\":[{\"type\":\"row\",\"children\":[{\"type\":\"column\",\"props\":{\"image_position\":\"center-center\",\"media_overlay_gradient\":\"\"},\"children\":[{\"type\":\"image\",\"props\":{\"margin\":\"default\",\"image_svg_color\":\"emphasis\",\"image\":\"wp-content\\\/uploads\\\/2021\\\/02\\\/logo_red.png\"}}]}]},{\"type\":\"row\",\"props\":{\"layout\":\"1-2,1-2\"},\"children\":[{\"type\":\"column\",\"props\":{\"image_position\":\"center-center\",\"media_overlay_gradient\":\"\",\"width_medium\":\"1-2\"},\"children\":[{\"type\":\"text\",\"props\":{\"margin\":\"default\",\"column_breakpoint\":\"m\",\"content\":\"\n\n<p>La Red Latinoamericana de Mujeres Defensoras de Derechos Sociales y Ambientales es una organizaci\\u00f3n de mujeres a nivel latinoamericano que busca incidir en pol\\u00edticas, proyectos y pr\\u00e1cticas que contribuyen a la defensa de los derechos de las mujeres defensoras, los derechos socioambientales y los derechos de la naturaleza, mediante acciones de incidencia y solidaridad a nivel regional y global, a trav\\u00e9s de espacios de encuentros, intercambios y formaci\\u00f3n, de herramientas y campa\\u00f1as de comunicaci\\u00f3n, de investigaci\\u00f3n, de acompa\\u00f1amiento a casos y a procesos de organizaci\\u00f3n social.<\\\/p>\\n\n\n<p>Como respuesta a la arremetida extractivista en Am\\u00e9rica Latina, la Red organiza acciones de denuncia frente a las violencias socioambientales contra las mujeres y acciones que salvaguarden la integridad f\\u00edsica, emocional y comunitaria de mujeres en estado de alto riesgo, tanto por el grado de vulnerabilidad derivado de su rol de defensoras de derechos humanos como por su participaci\\u00f3n en procesos de resistencia ante proyectos extractivos que afectan sus territorios. Por ello busca dar a conocer los impactos que los proyectos extractivos generan en pa\\u00edses latinoamericanos y los que espec\\u00edficamente afectan en las mujeres, con el fin de incidir en los contextos donde se desarrolla el extractivismo minero, las pol\\u00edticas que lo norman y en los procesos de cambio que lideran las mujeres.<\\\/p>\"}}]},{\"type\":\"column\",\"props\":{\"image_position\":\"center-center\",\"media_overlay_gradient\":\"\",\"width_medium\":\"1-2\"},\"children\":[{\"type\":\"text\",\"props\":{\"margin\":\"default\",\"column_breakpoint\":\"m\",\"content\":\"\n\n<p>Las acciones de la Red se orientan a fortalecer y tejer nuevos puentes entre los feminismos y los ecologismos, entre la defensa de los derechos de los pueblos, las mujeres y los de la naturaleza. Es as\\u00ed que la Red articula su accionar desde el marco te\\u00f3rico ecofeminista.<\\\/p>\\nLa Red Latinoamericana est\\u00e1 presente en ocho pa\\u00edses:\"}},{\"type\":\"list\",\"props\":{\"show_image\":true,\"show_link\":true,\"list_element\":\"ul\",\"column_breakpoint\":\"m\",\"image_svg_color\":\"emphasis\",\"image_align\":\"left\",\"image_vertical_align\":true,\"list_marker\":\"disc\"},\"children\":[{\"type\":\"list_item\",\"props\":{\"content\":\"M\\u00e9xico: Red Mexicana de Afectados por la Miner\\u00eda - REMA\\n\\n\"}},{\"type\":\"list_item\",\"props\":{\"content\":\"Salvador: Asociaci\\u00f3n de Desarrollo Econ\\u00f3mico y Social -ADES\\n\"}},{\"type\":\"list_item\",\"props\":{\"content\":\"Colombia: CENSAT Agua Viva\\n\"}},{\"type\":\"list_item\",\"props\":{\"content\":\"Ecuador: Acci\\u00f3n Ecol\\u00f3gica\\n\"}},{\"type\":\"list_item\",\"props\":{\"content\":\"Per\\u00fa: GRUFIDES, Tejiendo Saberes-PDTG\\n\"}},{\"type\":\"list_item\",\"props\":{\"content\":\"Bolivia: Colectivo de Coordinaci\\u00f3n de Acciones Socio Ambientales (Colectivo CASA)\\n\"}},{\"type\":\"list_item\",\"props\":{\"content\":\"Chile: Observatorio Latinoamericano de Conflictos Ambientales \\u2013 OLCA\\n\\n\"}},{\"type\":\"list_item\",\"props\":{\"content\":\"Uruguay: Otras voces por la Tierra Cerro Chato \\u2013 Valentines, Colectivo Dafnias\"}}]}]}]}]},{\"type\":\"section\",\"props\":{\"style\":\"default\",\"width\":\"\",\"vertical_align\":\"middle\",\"title_position\":\"top-left\",\"title_rotation\":\"left\",\"title_breakpoint\":\"xl\",\"image_position\":\"center-center\",\"padding\":\"none\"},\"children\":[{\"type\":\"row\",\"children\":[{\"type\":\"column\",\"props\":{\"image_position\":\"center-center\",\"media_overlay_gradient\":\"\",\"style\":\"primary\",\"padding\":\"small\",\"css\":\".uk-tile-primary {\\n    background: #850b16;\\n}\\n\"},\"children\":[]}]}]},{\"type\":\"section\",\"props\":{\"style\":\"default\",\"width\":\"\",\"vertical_align\":\"middle\",\"title_position\":\"top-left\",\"title_rotation\":\"left\",\"title_breakpoint\":\"xl\",\"image_position\":\"center-center\",\"image\":\"wp-content\\\/uploads\\\/2021\\\/02\\\/nototras_fondo_2.jpg\",\"id\":\"Criminalizaci\\u00f3n\",\"padding\":\"none\",\"image_size\":\"cover\",\"image_effect\":\"fixed\",\"height\":\"section\"},\"children\":[{\"type\":\"row\",\"children\":[{\"type\":\"column\",\"props\":{\"image_position\":\"center-center\",\"media_overlay_gradient\":\"\"},\"children\":[]}]}],\"name\":\"\"},{\"type\":\"section\",\"props\":{\"style\":\"default\",\"width\":\"\",\"vertical_align\":\"middle\",\"title_position\":\"top-left\",\"title_rotation\":\"left\",\"title_breakpoint\":\"xl\",\"image_position\":\"center-center\",\"padding\":\"none\"},\"children\":[{\"type\":\"row\",\"children\":[{\"type\":\"column\",\"props\":{\"image_position\":\"center-center\",\"media_overlay_gradient\":\"\",\"style\":\"primary\",\"padding\":\"small\",\"css\":\".uk-tile-primary {\\n    background: #850b16;\\n}\\n\"},\"children\":[]}]}]}],\"version\":\"2.3.25\"} --><\/p>\n","protected":false},"excerpt":{"rendered":"<p>Nosotras La Red Latinoamericana de Mujeres Defensoras de Derechos Sociales y Ambientales es una organizaci\u00f3n de mujeres a nivel latinoamericano que busca incidir en pol\u00edticas, proyectos y pr\u00e1cticas que contribuyen a la defensa de los derechos de las mujeres defensoras, los derechos socioambientales y los derechos de la naturaleza, mediante acciones de incidencia y solidaridad [&hellip;]<\/p>\n","protected":false},"author":1,"featured_media":0,"parent":0,"menu_order":0,"comment_status":"closed","ping_status":"closed","template":"","meta":{"_acf_changed":false,"footnotes":""},"class_list":["post-1737","page","type-page","status-publish","hentry"],"acf":[],"_links":{"self":[{"href":"https:\/\/rexistir.com\/index.php?rest_route=\/wp\/v2\/pages\/1737","targetHints":{"allow":["GET"]}}],"collection":[{"href":"https:\/\/rexistir.com\/index.php?rest_route=\/wp\/v2\/pages"}],"about":[{"href":"https:\/\/rexistir.com\/index.php?rest_route=\/wp\/v2\/types\/page"}],"author":[{"embeddable":true,"href":"https:\/\/rexistir.com\/index.php?rest_route=\/wp\/v2\/users\/1"}],"replies":[{"embeddable":true,"href":"https:\/\/rexistir.com\/index.php?rest_route=%2Fwp%2Fv2%2Fcomments&post=1737"}],"version-history":[{"count":2,"href":"https:\/\/rexistir.com\/index.php?rest_route=\/wp\/v2\/pages\/1737\/revisions"}],"predecessor-version":[{"id":1739,"href":"https:\/\/rexistir.com\/index.php?rest_route=\/wp\/v2\/pages\/1737\/revisions\/1739"}],"wp:attachment":[{"href":"https:\/\/rexistir.com\/index.php?rest_route=%2Fwp%2Fv2%2Fmedia&parent=1737"}],"curies":[{"name":"wp","href":"https:\/\/api.w.org\/{rel}","templated":true}]}}